{"id":254,"date":"2017-11-22T11:35:34","date_gmt":"2017-11-22T10:35:34","guid":{"rendered":"http:\/\/www.knetfeder.de\/kkpwp\/?page_id=254"},"modified":"2021-04-16T13:18:32","modified_gmt":"2021-04-16T11:18:32","slug":"referenzen","status":"publish","type":"page","link":"https:\/\/knetfeder.de\/kkpwp\/referenzen\/","title":{"rendered":"Referenzen"},"content":{"rendered":"<h2 style=\"text-align: center;\">Meine Ver\u00f6ffentlichungen<\/h2>\n<p>&nbsp;<\/p>\n<p><img loading=\"lazy\" decoding=\"async\" class=\"img-lilarahmen wp-image-2030 alignleft\" src=\"https:\/\/www.knetfeder.de\/kkpwp\/wp-content\/uploads\/2017\/11\/refkitaaktuell-225x300.jpg\" alt=\"\" width=\"155\" height=\"208\" srcset=\"https:\/\/knetfeder.de\/kkpwp\/wp-content\/uploads\/2017\/11\/refkitaaktuell.jpg 225w, https:\/\/knetfeder.de\/kkpwp\/wp-content\/uploads\/2017\/11\/refkitaaktuell-150x200.jpg 150w, https:\/\/knetfeder.de\/kkpwp\/wp-content\/uploads\/2017\/11\/refkitaaktuell-23x31.jpg 23w, https:\/\/knetfeder.de\/kkpwp\/wp-content\/uploads\/2017\/11\/refkitaaktuell-29x38.jpg 29w, https:\/\/knetfeder.de\/kkpwp\/wp-content\/uploads\/2017\/11\/refkitaaktuell-161x215.jpg 161w, https:\/\/knetfeder.de\/kkpwp\/wp-content\/uploads\/2017\/11\/refkitaaktuell-111x148.jpg 111w\" sizes=\"auto, (max-width: 155px) 100vw, 155px\" \/><\/p>\n<p><strong>Lerch, Melanie (2017<\/strong><em>): <strong>\u201eWill selber machen!\u201c \u2013 Entwicklung im dritten Lebensjahr.<\/strong><\/em> In: KiTa aktuell (Ausgabe&nbsp;Bayern), 4\/2017, S. 88-89.<\/p>\n<p><strong>Lerch, Melanie (2017<\/strong><em>): <strong>\u201eWill selber machen!\u201c \u2013 Entwicklung im dritten Lebensjahr.<\/strong><\/em> In: KiTa aktuell (Ausgabe Nordrhein-Westfalen), 4\/2017, S. 94-96.<\/p>\n<p><a href=\"https:\/\/www.knetfeder.de\/kkpwp\/dissertation\/\"><img loading=\"lazy\" decoding=\"async\" class=\"img-lilarahmen wp-image-2031 alignright\" src=\"https:\/\/www.knetfeder.de\/kkpwp\/wp-content\/uploads\/2017\/11\/refdiss-225x300.jpg\" alt=\"\" width=\"162\" height=\"215\" srcset=\"https:\/\/knetfeder.de\/kkpwp\/wp-content\/uploads\/2017\/11\/refdiss.jpg 225w, https:\/\/knetfeder.de\/kkpwp\/wp-content\/uploads\/2017\/11\/refdiss-150x200.jpg 150w, https:\/\/knetfeder.de\/kkpwp\/wp-content\/uploads\/2017\/11\/refdiss-23x31.jpg 23w, https:\/\/knetfeder.de\/kkpwp\/wp-content\/uploads\/2017\/11\/refdiss-29x38.jpg 29w, https:\/\/knetfeder.de\/kkpwp\/wp-content\/uploads\/2017\/11\/refdiss-161x215.jpg 161w, https:\/\/knetfeder.de\/kkpwp\/wp-content\/uploads\/2017\/11\/refdiss-111x148.jpg 111w\" sizes=\"auto, (max-width: 162px) 100vw, 162px\" \/><\/a><a href=\"https:\/\/www.knetfeder.de\/kkpwp\/dissertation\/\"><strong>Lerch, Melanie (2016):&nbsp;<em>Die fr\u00fche Eltern-Kind-Beziehung in Elternratgebern : Relevanz und Analyse der Vermittlung von bindungstheoretischen Konzepten und Erkenntnissen der Eltern-S\u00e4uglings-Interaktionsforschung. <\/em><\/strong><em>\u2013 <\/em>Berlin 2016.<\/a><\/p>\n<p><strong>Lerch, Melanie (2016): <em>Meilensteine der Motorikentwicklung.<\/em><\/strong> In: Kamende (Hrsg.):&nbsp;Kinderpflege komplett (S. 211-214). \u2013 Hamburg.<\/p>\n<p><strong>Lerch, Melanie (2015):<\/strong> <strong><em>Sprechen lernen : Die sprachliche&nbsp;<\/em><\/strong><strong><em><img loading=\"lazy\" decoding=\"async\" class=\"img-lilarahmen wp-image-2032 alignleft\" src=\"https:\/\/www.knetfeder.de\/kkpwp\/wp-content\/uploads\/2017\/11\/refkinderpflege-225x300.jpg\" alt=\"\" width=\"162\" height=\"217\" srcset=\"https:\/\/knetfeder.de\/kkpwp\/wp-content\/uploads\/2017\/11\/refkinderpflege.jpg 225w, https:\/\/knetfeder.de\/kkpwp\/wp-content\/uploads\/2017\/11\/refkinderpflege-150x200.jpg 150w, https:\/\/knetfeder.de\/kkpwp\/wp-content\/uploads\/2017\/11\/refkinderpflege-23x31.jpg 23w, https:\/\/knetfeder.de\/kkpwp\/wp-content\/uploads\/2017\/11\/refkinderpflege-29x38.jpg 29w, https:\/\/knetfeder.de\/kkpwp\/wp-content\/uploads\/2017\/11\/refkinderpflege-161x215.jpg 161w, https:\/\/knetfeder.de\/kkpwp\/wp-content\/uploads\/2017\/11\/refkinderpflege-111x148.jpg 111w\" sizes=\"auto, (max-width: 162px) 100vw, 162px\" \/><\/em><\/strong><strong><em>Entwicklung bis zum 6. Lebensjahr<\/em><\/strong>. In: Kreis Unna: Start ins Leben : Elternbegleitbuch (S. 8-15). \u2013 Unna.<\/p>\n<p><strong>Lerch, Melanie (2015):<\/strong> <strong><em>Motorische Entwicklung&#8230; Bewegungsentwicklung vom Neugeborenen zum Kleinkind<\/em><\/strong>. In: Kreis Unna: Start ins Leben : Elternbegleitbuch (S. 16-21). \u2013 Unna.<\/p>\n<p><strong>Lerch, Melanie (2011): <em>Sprechen lernen : Die sprachliche Entwicklung bis zum 6. Lebensjahr.<\/em><\/strong> In: B\u00fcndnis f\u00fcr Familie Gelnhausen: Willkommen im Leben! Elternbegleitordner der Stadt Gelnhausen. \u2013 Gelnhausen 2011.<\/p>\n<p><strong>Lerch, Melanie (2011):<em> Motorische Entwicklung : Die Bewegungsentwicklung vom Neugeborenen bis zum Kleinkind.<\/em><\/strong> In: B\u00fcndnis f\u00fcr Familie Gelnhausen: Willkommen im Leben! Elternbegleitordner der Stadt Gelnhausen. \u2013 Gelnhausen 2011.<\/p>\n<p><strong>Lerch, Melanie (2011): <em>Die fr\u00fche Eltern-Kind-Beziehung : Bindungsaufbau im allt\u00e4glichen Austausch.<\/em><\/strong> In: B\u00fcndnis f\u00fcr Familie Gelnhausen: Willkommen im Leben! Elternbegleitordner der Stadt Gelnhausen. \u2013 Gelnhausen 2011.<\/p>\n<p><strong>Melanie Lerch (2011): <em>Bindung gibt einen guten Start ins Leben!<\/em> <\/strong>In: Stadt Kassel: Willkommen von Anfang an. \u2013 Kassel.<\/p>\n<p><strong>Melanie Lerch (2011): <em>Motorische Entwicklung des Kindes.<\/em> <\/strong>In: Stadt Kassel: Willkommen von Anfang an. \u2013 Kassel.<\/p>\n<p><strong>Melanie Lerch (2011<em>): Die Sprachentwicklung des Kindes.<\/em> <\/strong>In: Stadt Kassel: Willkommen von Anfang an. \u2013&nbsp;Kassel.<\/p>\n<p><img loading=\"lazy\" decoding=\"async\" class=\"img-lilarahmen alignright wp-image-2118\" src=\"https:\/\/www.knetfeder.de\/kkpwp\/wp-content\/uploads\/2017\/11\/refkaisersesch.jpg\" alt=\"\" width=\"205\" height=\"193\" srcset=\"https:\/\/knetfeder.de\/kkpwp\/wp-content\/uploads\/2017\/11\/refkaisersesch.jpg 300w, https:\/\/knetfeder.de\/kkpwp\/wp-content\/uploads\/2017\/11\/refkaisersesch-213x200.jpg 213w, https:\/\/knetfeder.de\/kkpwp\/wp-content\/uploads\/2017\/11\/refkaisersesch-31x29.jpg 31w, https:\/\/knetfeder.de\/kkpwp\/wp-content\/uploads\/2017\/11\/refkaisersesch-38x36.jpg 38w, https:\/\/knetfeder.de\/kkpwp\/wp-content\/uploads\/2017\/11\/refkaisersesch-229x215.jpg 229w, https:\/\/knetfeder.de\/kkpwp\/wp-content\/uploads\/2017\/11\/refkaisersesch-148x139.jpg 148w\" sizes=\"auto, (max-width: 205px) 100vw, 205px\" \/><\/p>\n<p><strong>Lerch, Melanie (2009):<\/strong> <strong><em>Sprechen lernen : Die sprachliche Entwicklung bis zum 6. Lebensjahr<\/em><\/strong>. In: \u201eWillkommen&nbsp;im Leben\u201c \u2013 Das Elternbegleitbuch f\u00fcr alle Neugeborenen. &#8211; Kaisersesch.<\/p>\n<p><strong>Lerch, Melanie (2009):<\/strong> <strong><em>Die Bindung&nbsp;<\/em><\/strong><strong><em>zwischen dem Baby und seinen Eltern.<\/em><\/strong> In: In: \u201eWillkommen im Leben\u201c \u2013 Das Elternbegleitbuch f\u00fcr alle Neugeborenen. &#8211; Kaisersesch.<\/p>\n<p><strong>Lerch, Melanie (2009): <em>Motorische Entwicklung : Die Bewegungsentwicklung vom Neugeborenen bis zum&nbsp;<\/em><\/strong><strong><em>Kleinkind.<\/em><\/strong> In: In: \u201eWillkommen im Leben\u201c \u2013 Das Elternbegleitbuch f\u00fcr alle Neugeborenen. &#8211; Kaisersesch.<\/p>\n<p><img loading=\"lazy\" decoding=\"async\" class=\"img-lilarahmen wp-image-2034 alignleft\" src=\"https:\/\/www.knetfeder.de\/kkpwp\/wp-content\/uploads\/2017\/11\/refbabyundco-225x300.jpg\" alt=\"\" width=\"158\" height=\"212\" srcset=\"https:\/\/knetfeder.de\/kkpwp\/wp-content\/uploads\/2017\/11\/refbabyundco.jpg 225w, https:\/\/knetfeder.de\/kkpwp\/wp-content\/uploads\/2017\/11\/refbabyundco-150x200.jpg 150w, https:\/\/knetfeder.de\/kkpwp\/wp-content\/uploads\/2017\/11\/refbabyundco-23x31.jpg 23w, https:\/\/knetfeder.de\/kkpwp\/wp-content\/uploads\/2017\/11\/refbabyundco-29x38.jpg 29w, https:\/\/knetfeder.de\/kkpwp\/wp-content\/uploads\/2017\/11\/refbabyundco-161x215.jpg 161w, https:\/\/knetfeder.de\/kkpwp\/wp-content\/uploads\/2017\/11\/refbabyundco-111x148.jpg 111w\" sizes=\"auto, (max-width: 158px) 100vw, 158px\" \/><\/p>\n<p><a href=\"https:\/\/www.knetfeder.de\/kkpwp\/malen-und-zeichnen\/#interview\"><strong>Lerch, Melanie (2008<em>): Interview im Artikel \u201eKreativit\u00e4t spielerisch f\u00f6rdern\u201c.<\/em><\/strong> In: Baby &amp; Co., S. 49).<\/a><\/p>\n<p><strong>Lerch, Melanie (2008):<\/strong> <strong><em>Sprechen lernen : Die sprachliche Entwicklung bis zum 6. Lebensjahr<\/em><\/strong>. In: Familienbildungsst\u00e4tte Hedwig-Dornbusch-Schule e.V.: Wllkommen im Leben! Kinder im Mittelpunkt : Ein Begleitbuch f\u00fcr Eltern in Bielefeld. &#8211; Bielefeld.<\/p>\n<p><strong>Lerch, Melanie (2008):<\/strong> <strong><em>Die Bindung&nbsp;<\/em><\/strong><strong><em>zwischen dem Baby und seinen Eltern.<\/em><\/strong> In:&nbsp;Familienbildungsst\u00e4tte Hedwig-Dornbusch-Schule e.V.: Wllkommen im Leben! Kinder im Mittelpunkt : Ein Begleitbuch f\u00fcr Eltern in Bielefeld. &#8211; Bielefeld.<\/p>\n<p><strong>Lerch, Melanie (2008): <em>Motorische Entwicklung : Die Bewegungsentwicklung vom Neugeborenen bis zum Kleinkind.<\/em><\/strong> In: Familienbildungsst\u00e4tte Hedwig-Dornbusch-Schule e.V.: Wllkommen im Leben! Kinder im Mittelpunkt : Ein Begleitbuch f\u00fcr Eltern in Bielefeld. &#8211; Bielefeld.<\/p>\n<p><strong>Lerch, Melanie (2008):<\/strong> <strong><em>Sprechen lernen : Die sprachliche Entwicklung bis zum 6. Lebensjahr<\/em><\/strong>. In: Verbandsgemeinde Mendig: Willkommen im Leben&#8230; willkommen in der Verbandsgemeinde Mendig! (S. 43-54) &#8211; Mendig.<\/p>\n<p><strong>Lerch, Melanie (2008):<\/strong> <strong><em>Die Bindung&nbsp;<\/em><\/strong><strong><em>zwischen dem Baby und seinen Eltern.<\/em><\/strong>&nbsp;In: Verbandsgemeinde Mendig: Willkommen im Leben&#8230; willkommen in der Verbandsgemeinde Mendig! (S. 62-70) &#8211; Mendig.<\/p>\n<p><strong>Lerch, Melanie (2008): <em>Motorische Entwicklung : Die Bewegungsentwicklung vom Neugeborenen bis zum Kleinkind.<\/em><\/strong> In: Verbandsgemeinde Mendig: Willkommen im Leben&#8230; willkommen in der Verbandsgemeinde Mendig! (S. 55-61) &#8211; Mendig.<\/p>\n<p><img loading=\"lazy\" decoding=\"async\" class=\"img-lilarahmen alignright wp-image-2119\" src=\"https:\/\/www.knetfeder.de\/kkpwp\/wp-content\/uploads\/2017\/11\/refdarmstadt.jpg\" alt=\"\" width=\"195\" height=\"192\" srcset=\"https:\/\/knetfeder.de\/kkpwp\/wp-content\/uploads\/2017\/11\/refdarmstadt.jpg 300w, https:\/\/knetfeder.de\/kkpwp\/wp-content\/uploads\/2017\/11\/refdarmstadt-203x200.jpg 203w, https:\/\/knetfeder.de\/kkpwp\/wp-content\/uploads\/2017\/11\/refdarmstadt-31x31.jpg 31w, https:\/\/knetfeder.de\/kkpwp\/wp-content\/uploads\/2017\/11\/refdarmstadt-38x38.jpg 38w, https:\/\/knetfeder.de\/kkpwp\/wp-content\/uploads\/2017\/11\/refdarmstadt-219x215.jpg 219w, https:\/\/knetfeder.de\/kkpwp\/wp-content\/uploads\/2017\/11\/refdarmstadt-148x146.jpg 148w\" sizes=\"auto, (max-width: 195px) 100vw, 195px\" \/><\/p>\n<p><strong>Lerch, Melanie (2008):<\/strong> <strong><em>Sprechen lernen : Die sprachliche Entwicklung bis zum 6. Lebensjahr<\/em><\/strong>. In: Wissenschaftsstadt Darmstadt: Ihr Baby ist da! &#8211; Darmstadt.<\/p>\n<p><strong>Lerch, Melanie (2008):<\/strong> <strong><em>Die Bindung&nbsp;<\/em><\/strong><strong><em>zwischen dem Baby und seinen Eltern.<\/em><\/strong>&nbsp;In:&nbsp;Wissenschaftsstadt Darmstadt: Ihr Baby ist da! &#8211; Darmstadt.<\/p>\n<p><strong>Lerch, Melanie (2008): <em>Motorische Entwicklung : Die Bewegungsentwicklung vom Neugeborenen bis zum Kleinkind.<\/em><\/strong> In:&nbsp;Wissenschaftsstadt Darmstadt: Ihr Baby ist da! &#8211; Darmstadt.<\/p>\n<p><strong><img loading=\"lazy\" decoding=\"async\" class=\"img-lilarahmen alignleft wp-image-2020 size-full\" src=\"https:\/\/www.knetfeder.de\/kkpwp\/wp-content\/uploads\/2017\/11\/refkurskl.jpg\" alt=\"\" width=\"300\" height=\"156\" srcset=\"https:\/\/knetfeder.de\/kkpwp\/wp-content\/uploads\/2017\/11\/refkurskl.jpg 300w, https:\/\/knetfeder.de\/kkpwp\/wp-content\/uploads\/2017\/11\/refkurskl-31x16.jpg 31w, https:\/\/knetfeder.de\/kkpwp\/wp-content\/uploads\/2017\/11\/refkurskl-38x20.jpg 38w, https:\/\/knetfeder.de\/kkpwp\/wp-content\/uploads\/2017\/11\/refkurskl-148x77.jpg 148w\" sizes=\"auto, (max-width: 300px) 100vw, 300px\" \/>Lerch, Melanie (2007):<\/strong> <strong><em>Die Bindung&nbsp;<\/em><\/strong><strong><em>zwischen dem Baby und seinen Eltern.<\/em><\/strong> In: Arbeitsgemeinschaft f\u00fcr evangelische Erwachsenenbildung in Bayern: vertrauen. spielen. lernen. Elternkurs f\u00fcr M\u00fctter und V\u00e4tern von Kindern in den ersten drei Lebensjahren. \u2013 M\u00fcnchen.<\/p>\n<p><strong>Lerch, Melanie (2007):<\/strong> <strong><em>Sprechen lernen : Die sprachliche Entwicklung bis zum 6. Lebensjahr<\/em><\/strong>. In: Kreis H\u00f6xter:&nbsp;Wie sch\u00f6n, dass Du geboren bist! Elternbegleitbuch des Kreises H\u00f6xter. \u2013 H\u00f6xter 2007.<strong><em><img loading=\"lazy\" decoding=\"async\" class=\"img-lilarahmen alignright wp-image-2024 size-full\" src=\"https:\/\/www.knetfeder.de\/kkpwp\/wp-content\/uploads\/2017\/11\/refhoexkl.jpg\" alt=\"\" width=\"300\" height=\"156\" srcset=\"https:\/\/knetfeder.de\/kkpwp\/wp-content\/uploads\/2017\/11\/refhoexkl.jpg 300w, https:\/\/knetfeder.de\/kkpwp\/wp-content\/uploads\/2017\/11\/refhoexkl-31x16.jpg 31w, https:\/\/knetfeder.de\/kkpwp\/wp-content\/uploads\/2017\/11\/refhoexkl-38x20.jpg 38w, https:\/\/knetfeder.de\/kkpwp\/wp-content\/uploads\/2017\/11\/refhoexkl-148x77.jpg 148w\" sizes=\"auto, (max-width: 300px) 100vw, 300px\" \/><\/em><\/strong><\/p>\n<p><strong>Lerch, Melanie (2007): <em>Motorische Entwicklung : Die Bewegungsentwicklung vom Neugeborenen bis zum Kleinkind.<\/em><\/strong> In: Kreis H\u00f6xter: Wie sch\u00f6n, dass Du geboren bist! Elternbegleitbuch des Kreises H\u00f6xter. \u2013 H\u00f6xter 2007.<\/p>\n<p><strong>Lerch, Melanie (2007): <em>Die fr\u00fche Eltern-Kind-Beziehung : Bindungsaufbau im allt\u00e4glichen Austausch.<\/em><\/strong> In: Kreis H\u00f6xter: Wie sch\u00f6n, dass Du geboren bist! Elternbegleitbuch des Kreises H\u00f6xter. \u2013 H\u00f6xter 2007.<\/p>\n<p><strong>Lerch, Melanie (2006)<\/strong>: <strong><em>Sprechen lernen : Die sprachliche Entwicklung bis zum 6. Lebensjahr<\/em><\/strong>. In: Babybegr\u00fc\u00dfungspaket der Stadt Dormagen: Das Elternbegleitbuch f\u00fcr alle Neugeborenen. \u2013 Dormagen 2006.<\/p>\n<p><strong><img loading=\"lazy\" decoding=\"async\" class=\"img-lilarahmen alignleft wp-image-2026 size-medium\" src=\"https:\/\/www.knetfeder.de\/kkpwp\/wp-content\/uploads\/2017\/11\/refdormgr-300x155.jpg\" alt=\"\" width=\"300\" height=\"155\" srcset=\"https:\/\/knetfeder.de\/kkpwp\/wp-content\/uploads\/2017\/11\/refdormgr-300x155.jpg 300w, https:\/\/knetfeder.de\/kkpwp\/wp-content\/uploads\/2017\/11\/refdormgr-600x310.jpg 600w, https:\/\/knetfeder.de\/kkpwp\/wp-content\/uploads\/2017\/11\/refdormgr-768x397.jpg 768w, https:\/\/knetfeder.de\/kkpwp\/wp-content\/uploads\/2017\/11\/refdormgr-1024x529.jpg 1024w, https:\/\/knetfeder.de\/kkpwp\/wp-content\/uploads\/2017\/11\/refdormgr-31x16.jpg 31w, https:\/\/knetfeder.de\/kkpwp\/wp-content\/uploads\/2017\/11\/refdormgr-38x20.jpg 38w, https:\/\/knetfeder.de\/kkpwp\/wp-content\/uploads\/2017\/11\/refdormgr-416x215.jpg 416w, https:\/\/knetfeder.de\/kkpwp\/wp-content\/uploads\/2017\/11\/refdormgr-148x76.jpg 148w, https:\/\/knetfeder.de\/kkpwp\/wp-content\/uploads\/2017\/11\/refdormgr.jpg 1177w\" sizes=\"auto, (max-width: 300px) 100vw, 300px\" \/>Lerch, Melanie (2006)<\/strong>: <strong><em>Motorische Entwicklung : Die Bewegungsentwicklung vom Neugeborenen bis zum Kleinkind.<\/em><\/strong> In: Babybegr\u00fc\u00dfungspaket der Stadt Dormagen: Das Elternbegleitbuch f\u00fcr alle Neugeborenen. \u2013 Dormagen 2006.<\/p>\n<p><strong>Lerch, Melanie (2006)<\/strong>: <strong><em>Die fr\u00fche Eltern-Kind-Beziehung : Bindungsaufbau im allt\u00e4glichen Austausch.<\/em><\/strong> In: Babybegr\u00fc\u00dfungspaket der Stadt Dormagen: Das Elternbegleitbuch f\u00fcr alle Neugeborenen. \u2013 Dormagen 2006.<\/p>\n<p><strong>Lerch, Melanie (2006)<\/strong>: <strong><em>Sprechen lernen : Die sprachliche Entwicklung bis zum 6. Lebensjahr<\/em><\/strong>. In: Stadt Solingen: Babies : Willkommen in Solingen (S. 16-25). \u2013 Solingen.<\/p>\n<p><strong>Lerch, Melanie (2006)<\/strong>: <strong><em>Motorische Entwicklung : Die Bewegungsentwicklung vom Neugeborenen bis zum Kleinkind.<\/em><\/strong> In: Stadt Solingen: Babies : Willkommen in Solingen (S. 26-31). \u2013 Solingen.<\/p>\n<p><strong>Lerch, Melanie (2006)<\/strong>: <strong><em>Die fr\u00fche Eltern-Kind-Beziehung : Bindungsaufbau im allt\u00e4glichen Austausch.<\/em><\/strong> In: Stadt Solingen: Babies : Willkommen in Solingen (S. 32-39). \u2013 Solingen.<\/p>\n<p><img loading=\"lazy\" decoding=\"async\" class=\"img-lilarahmen alignright wp-image-2028 size-medium\" src=\"https:\/\/www.knetfeder.de\/kkpwp\/wp-content\/uploads\/2017\/11\/refgevbergkl-300x156.jpg\" alt=\"\" width=\"300\" height=\"156\" srcset=\"https:\/\/knetfeder.de\/kkpwp\/wp-content\/uploads\/2017\/11\/refgevbergkl.jpg 300w, https:\/\/knetfeder.de\/kkpwp\/wp-content\/uploads\/2017\/11\/refgevbergkl-31x16.jpg 31w, https:\/\/knetfeder.de\/kkpwp\/wp-content\/uploads\/2017\/11\/refgevbergkl-38x20.jpg 38w, https:\/\/knetfeder.de\/kkpwp\/wp-content\/uploads\/2017\/11\/refgevbergkl-148x77.jpg 148w\" sizes=\"auto, (max-width: 300px) 100vw, 300px\" \/><\/p>\n<p><strong>Lerch, Melanie (o.J.):<\/strong> <strong><em>Die Sprachentwicklung<\/em><\/strong>. In: Stadt Gevelsberg: Entdecke das Leben. \u2013 Gevelsberg.<\/p>\n<p><strong>Lerch, Melanie (o.J.):<\/strong> <strong><em>Der fr\u00fche Bindungsaufbau zwischen Eltern und Kind.<\/em><\/strong> In: Stadt Gevelsberg: Entdecke das Leben. \u2013 Gevelsberg.<\/p>\n<p><strong>Melanie Lerch (o.J.): <em>Sprechen lernen: Die Phasen der sprachlichen Entwicklung bis zum 6. Lebensjahr<\/em>.<\/strong> In: Stadt Herford: Willkommen in Herford! Handbuch f\u00fcr Eltern von Neugeborenen. \u2013 Herford.<\/p>\n<p><strong>Melanie Lerch (o.J.): <\/strong><strong><em>Motorische Entwicklung : Die Bewegungsentwicklung vom Neugeborenen bis zum Kleinkind.<\/em><\/strong> In: In: Stadt Herford: Willkommen in Herford! Handbuch f\u00fcr Eltern von Neugeborenen. \u2013 Herford.<\/p>\n<p><strong>Melanie Lerch (o.J.): <\/strong><strong><em>Die fr\u00fche Eltern-Kind-Beziehung : Bindungsaufbau im allt\u00e4glichen Austausch.<\/em><\/strong> In: In: Stadt Herford: Willkommen in Herford! Handbuch f\u00fcr Eltern von Neugeborenen. \u2013 Herford.<\/p>\n","protected":false},"excerpt":{"rendered":"<p>Meine Ver\u00f6ffentlichungen &nbsp; Lerch, Melanie (2017): \u201eWill selber machen!\u201c \u2013 Entwicklung im dritten Lebensjahr. In: KiTa aktuell (Ausgabe&nbsp;Bayern), 4\/2017, S. 88-89. Lerch, Melanie (2017): \u201eWill selber machen!\u201c \u2013 Entwicklung im dritten Lebensjahr. In: KiTa aktuell (Ausgabe Nordrhein-Westfalen), 4\/2017, S. 94-96. Lerch, Melanie (2016):&nbsp;Die fr\u00fche Eltern-Kind-Beziehung in Elternratgebern : Relevanz und Analyse der Vermittlung von bindungstheoretischen &hellip; <\/p>\n<p><a class=\"more-link btn\" href=\"https:\/\/knetfeder.de\/kkpwp\/referenzen\/\">Continue reading<\/a><\/p>\n","protected":false},"author":1,"featured_media":0,"parent":0,"menu_order":0,"comment_status":"closed","ping_status":"closed","template":"","meta":{"footnotes":""},"class_list":["post-254","page","type-page","status-publish","hentry","nodate","item-wrap"],"_links":{"self":[{"href":"https:\/\/knetfeder.de\/kkpwp\/wp-json\/wp\/v2\/pages\/254","targetHints":{"allow":["GET"]}}],"collection":[{"href":"https:\/\/knetfeder.de\/kkpwp\/wp-json\/wp\/v2\/pages"}],"about":[{"href":"https:\/\/knetfeder.de\/kkpwp\/wp-json\/wp\/v2\/types\/page"}],"author":[{"embeddable":true,"href":"https:\/\/knetfeder.de\/kkpwp\/wp-json\/wp\/v2\/users\/1"}],"replies":[{"embeddable":true,"href":"https:\/\/knetfeder.de\/kkpwp\/wp-json\/wp\/v2\/comments?post=254"}],"version-history":[{"count":30,"href":"https:\/\/knetfeder.de\/kkpwp\/wp-json\/wp\/v2\/pages\/254\/revisions"}],"predecessor-version":[{"id":2210,"href":"https:\/\/knetfeder.de\/kkpwp\/wp-json\/wp\/v2\/pages\/254\/revisions\/2210"}],"wp:attachment":[{"href":"https:\/\/knetfeder.de\/kkpwp\/wp-json\/wp\/v2\/media?parent=254"}],"curies":[{"name":"wp","href":"https:\/\/api.w.org\/{rel}","templated":true}]}}